{"id":21734,"date":"2025-05-19T08:19:31","date_gmt":"2025-05-19T08:19:31","guid":{"rendered":"https:\/\/nueva.karidemo.com\/propiedad\/casa-concha-de-fazahali\/"},"modified":"2025-06-02T04:58:45","modified_gmt":"2025-06-02T04:58:45","slug":"casa-concha-de-fazahali","status":"publish","type":"property","link":"https:\/\/karidemo.com\/fr\/propiedad\/casa-concha-de-fazahali\/","title":{"rendered":"Casa Concha de Fazahali"},"content":{"rendered":"<p>Le grand hall d&#8217;entr\u00e9e de la maison principale donne acc\u00e8s \u00e0 deux salons, une cuisine avec un bar pour le petit-d\u00e9jeuner, un cellier s\u00e9par\u00e9 avec acc\u00e8s au patio ext\u00e9rieur et une salle \u00e0 manger avec une chemin\u00e9e. Il y a \u00e9galement un sous-sol avec trois pi\u00e8ces, dont l&#8217;une est actuellement utilis\u00e9e comme cave \u00e0 vin. Les trois pi\u00e8ces peuvent facilement \u00eatre converties en espaces polyvalents, ateliers ou bureaux. Il y a un garage et, donnant sur le patio, une chambre double avec salle de bains attenante et entr\u00e9e s\u00e9par\u00e9e.<\/p>\n<p>Con\u00e7ue par l&#8217;architecte Luis Santos Morueco, cette incroyable propri\u00e9t\u00e9, situ\u00e9e \u00e0 seulement 8 km des fabuleuses plages du parc naturel de Cabo de Gata, est le r\u00eave devenu r\u00e9alit\u00e9 de tous ceux qui aiment la tranquillit\u00e9 et l&#8217;intimit\u00e9 et qui aspirent \u00e0 une confidentialit\u00e9 totale et absolue.<\/p>\n<p>Au milieu d&#8217;un paysage semi-d\u00e9sertique typique de la r\u00e9gion, Casa Concha offre un espace extraordinaire comprenant sept chambres, six salles de bains, plusieurs salons et salles de s\u00e9jour et de nombreux espaces communs.<\/p>\n<p>Le confort est pr\u00e9sent dans toute la maison principale qui comprend quatre appartements ind\u00e9pendants, avec une ou deux chambres, chacun disposant d&#8217;un salon, d&#8217;un po\u00eale \u00e0 bois, d&#8217;une cuisine am\u00e9ricaine, d&#8217;une salle de bain compl\u00e8te et d&#8217;une terrasse priv\u00e9e.<\/p>\n<p>La grande entr\u00e9e de la maison principale donne acc\u00e8s \u00e0 deux salons, une cuisine avec bar am\u00e9ricain, un cellier ind\u00e9pendant avec acc\u00e8s \u00e0 la cour ext\u00e9rieure et une salle \u00e0 manger avec chemin\u00e9e. Il y a \u00e9galement un sous-sol avec trois pi\u00e8ces, dont l&#8217;une sert actuellement de cave. Les trois pi\u00e8ces peuvent facilement \u00eatre transform\u00e9es en espaces polyvalents, ateliers ou bureaux. Il y a un garage et, donnant sur la cour, une chambre double avec salle de bain attenante et entr\u00e9e ind\u00e9pendante.<\/p>\n<p>La maison est enti\u00e8rement \u00e9quip\u00e9e avec des radiateurs \u00e0 faible consommation, des panneaux solaires, l&#8217;eau courante, une chaudi\u00e8re au fioul, le t\u00e9l\u00e9phone et une connexion Internet.<\/p>\n<p>Les jardins ext\u00e9rieurs, agr\u00e9ment\u00e9s d&#8217;une flore locale n\u00e9cessitant peu d&#8217;entretien, compl\u00e8tent \u00e0 merveille le paysage incroyable qui entoure la maison. Leurs espaces pav\u00e9s, dont un coin barbecue, invitent \u00e0 profiter de repas en plein air en famille ou entre amis.<\/p>\n<p>Cette propri\u00e9t\u00e9, aux d\u00e9tails exceptionnels, est \u00e9galement enti\u00e8rement \u00e9quip\u00e9e de tous les appareils \u00e9lectrom\u00e9nagers et accessoires n\u00e9cessaires \u00e0 une maison de cette taille, y compris un r\u00e9servoir d&#8217;eau non raccord\u00e9 (citerne).<\/p>\n<p>En d\u00e9finitive, il s&#8217;agit d&#8217;une occasion unique d&#8217;acqu\u00e9rir cette r\u00e9sidence, situ\u00e9e sur un terrain de 3 474 m\u00e8tres carr\u00e9s et d&#8217;une superficie construite de 517 m\u00e8tres carr\u00e9s, qui peut remplir diff\u00e9rentes fonctions telles que maison familiale, cohabitation ou location de vacances.<\/p>\n","protected":false},"excerpt":{"rendered":"<p>Le grand hall d&#8217;entr\u00e9e de la maison principale donne acc\u00e8s \u00e0 deux salons, une cuisine avec un bar pour le petit-d\u00e9jeuner, un cellier s\u00e9par\u00e9 avec acc\u00e8s au patio ext\u00e9rieur et une salle \u00e0 manger avec une chemin\u00e9e. Il y a \u00e9galement un sous-sol avec trois pi\u00e8ces, dont l&#8217;une est actuellement utilis\u00e9e comme cave \u00e0 vin. [&hellip;]<\/p>\n","protected":false},"author":1,"featured_media":20905,"parent":0,"menu_order":0,"template":"","property_type":[85],"property_status":[94],"property_feature":[],"property_label":[],"property_country":[131],"property_state":[142],"property_city":[139],"property_area":[],"class_list":["post-21734","property","type-property","status-publish","has-post-thumbnail","hentry","property_type-villa-fr","property_status-vente","property_country-espagne","property_state-almeria-fr","property_city-carboneras-fr"],"property_meta":{"houzez_featured_listing_date":[""],"houzez_geolocation_lat":["37.031579"],"houzez_geolocation_long":["-1.953632"],"_thumbnail_id":["20905"],"houzez_total_property_views":["32"],"houzez_views_by_date":["a:19:{s:10:\"06-02-2025\";i:9;s:10:\"06-05-2025\";i:2;s:10:\"07-15-2025\";i:2;s:10:\"08-20-2025\";i:2;s:10:\"09-14-2025\";i:2;s:10:\"11-07-2025\";i:1;s:10:\"11-11-2025\";i:1;s:10:\"11-21-2025\";i:1;s:10:\"12-17-2025\";i:1;s:10:\"01-20-2026\";i:1;s:10:\"01-25-2026\";i:1;s:10:\"01-30-2026\";i:1;s:10:\"04-07-2026\";i:1;s:10:\"06-19-2026\";i:1;s:10:\"07-13-2026\";i:1;s:10:\"08-10-2026\";i:1;s:10:\"08-31-2026\";i:2;s:10:\"09-01-2026\";i:1;s:10:\"09-02-2026\";i:1;}"],"houzez_recently_viewed":["2026-09-02 07:56:33"],"_edit_lock":["1748840344:1"],"fave_property_size":["360"],"fave_property_land_postfix":["m2"],"fave_property_bedrooms":["7"],"fave_property_bathrooms":["6"],"fave_property_garage":["1"],"fave_property_id":["10239"],"fave_property_zip":["04149"],"fave_show_price_placeholder":["0"],"fave_loggedintoview":["0"],"fave_property_location":["37.031579,-1.953632,14"],"fave_property_map":["1"],"_houzez_expiration_date_status":["saved"],"fave_property_land":["540"],"fave_acepta-mascotas":["Si"],"fave_internet":["Si"],"fave_jardc3adn":["Si"],"fave_vistas-al-mar":["No"],"fave_piscina":["No"],"fave_capacidad-personas":["16"],"fave_calidades":["Excelente"],"fave_garaje":["Si"],"_wpml_word_count":["{\"total\":404,\"to_translate\":{\"en\":404,\"fr\":404}}"],"_wpml_media_duplicate":["1"],"_wpml_media_featured":["1"],"_last_translation_edit_mode":["native-editor"],"_edit_last":["1"],"fave_property_map_street_view":["hide"],"fave_property_images":["19677","19678","19679","19680","19681","19682","19683","19684","19685","19686","19687","19676","20102"],"fave_single_content_area":["global"],"houzez_manual_expire":["0"],"fave_featured":["0"],"fave_single_top_area":["global"],"_elementor_page_assets":["a:0:{}"]},"_links":{"self":[{"href":"https:\/\/karidemo.com\/fr\/wp-json\/wp\/v2\/properties\/21734","targetHints":{"allow":["GET"]}}],"collection":[{"href":"https:\/\/karidemo.com\/fr\/wp-json\/wp\/v2\/properties"}],"about":[{"href":"https:\/\/karidemo.com\/fr\/wp-json\/wp\/v2\/types\/property"}],"author":[{"embeddable":true,"href":"https:\/\/karidemo.com\/fr\/wp-json\/wp\/v2\/users\/1"}],"version-history":[{"count":2,"href":"https:\/\/karidemo.com\/fr\/wp-json\/wp\/v2\/properties\/21734\/revisions"}],"predecessor-version":[{"id":21825,"href":"https:\/\/karidemo.com\/fr\/wp-json\/wp\/v2\/properties\/21734\/revisions\/21825"}],"wp:featuredmedia":[{"embeddable":true,"href":"https:\/\/karidemo.com\/fr\/wp-json\/wp\/v2\/media\/20905"}],"wp:attachment":[{"href":"https:\/\/karidemo.com\/fr\/wp-json\/wp\/v2\/media?parent=21734"}],"wp:term":[{"taxonomy":"property_type","embeddable":true,"href":"https:\/\/karidemo.com\/fr\/wp-json\/wp\/v2\/property_type?post=21734"},{"taxonomy":"property_status","embeddable":true,"href":"https:\/\/karidemo.com\/fr\/wp-json\/wp\/v2\/property_status?post=21734"},{"taxonomy":"property_feature","embeddable":true,"href":"https:\/\/karidemo.com\/fr\/wp-json\/wp\/v2\/property_feature?post=21734"},{"taxonomy":"property_label","embeddable":true,"href":"https:\/\/karidemo.com\/fr\/wp-json\/wp\/v2\/property_label?post=21734"},{"taxonomy":"property_country","embeddable":true,"href":"https:\/\/karidemo.com\/fr\/wp-json\/wp\/v2\/property_country?post=21734"},{"taxonomy":"property_state","embeddable":true,"href":"https:\/\/karidemo.com\/fr\/wp-json\/wp\/v2\/property_state?post=21734"},{"taxonomy":"property_city","embeddable":true,"href":"https:\/\/karidemo.com\/fr\/wp-json\/wp\/v2\/property_city?post=21734"},{"taxonomy":"property_area","embeddable":true,"href":"https:\/\/karidemo.com\/fr\/wp-json\/wp\/v2\/property_area?post=21734"}],"curies":[{"name":"wp","href":"https:\/\/api.w.org\/{rel}","templated":true}]}}